{"id":2209,"date":"2017-09-19T10:24:16","date_gmt":"2017-09-19T10:24:16","guid":{"rendered":"http:\/\/212.129.25.185\/~abermove\/?page_id=2209"},"modified":"2023-03-26T15:56:09","modified_gmt":"2023-03-26T14:56:09","slug":"quality-certification","status":"publish","type":"page","link":"https:\/\/abermove.com\/fr\/about-us\/quality-certification\/","title":{"rendered":"Certification de la qualit\u00e9"},"content":{"rendered":"<p>[vc_row css=\u00a0\u00bb.vc_custom_1513283429870{margin-top: -50px !important;}\u00a0\u00bb][vc_column][vc_custom_heading text=\u00a0\u00bbPOLITIQUE DE QUALIT\u00c9\u00a0\u00bb font_container=\u00a0\u00bbtag:h3|text_align:left\u00a0\u00bb use_theme_fonts=\u00a0\u00bbyes\u00a0\u00bb][vc_separator color=\u00a0\u00bbcustom\u00a0\u00bb align=\u00a0\u00bbalign_left\u00a0\u00bb el_width=\u00a0\u00bb10&Prime; accent_color=\u00a0\u00bb#ff0000&Prime;][vc_row_inner][vc_column_inner][vc_column_text]Nous travaillons en permanence \u00e0 la certification de nos produits, de nos proc\u00e9dures et de notre personnel dans le monde entier. Sur la base de notre politique de qualit\u00e9, nous nous effor\u00e7ons de nous conformer \u00e0 diverses normes et syst\u00e8mes de certification dans le monde entier.<\/p>\n<p>Tous les d\u00e9veloppements techniques de produits n\u00e9cessitent des tests de certification et l&rsquo;approbation d&rsquo;organismes officiels.[\/vc_column_text][\/vc_column_inner][\/vc_row_inner][\/vc_column][\/vc_row][vc_row css=\u00a0\u00bb.vc_custom_1480508529803{margin-top: -50px !important;}\u00a0\u00bb][vc_column][vc_custom_heading text=\u00a0\u00bbSYST\u00c8ME DE CERTIFICATION DE LA QUALIT\u00c9\u00a0\u00bb font_container=\u00a0\u00bbtag:h3|text_align:left\u00a0\u00bb use_theme_fonts=\u00a0\u00bbyes\u00a0\u00bb][vc_separator color=\u00a0\u00bbcustom\u00a0\u00bb align=\u00a0\u00bbalign_left\u00a0\u00bb el_width=\u00a0\u00bb10&Prime; accent_color=\u00a0\u00bb#ff0000&Prime;][vc_column_text]ABER dispose d&rsquo;un syst\u00e8me de gestion de la qualit\u00e9 conforme \u00e0 la norme ISO 9001, certifi\u00e9 par l&rsquo;APCER depuis 2002. ABER s&rsquo;appuie sur une philosophie de gestion ax\u00e9e sur les processus. Les processus constituent la base de notre syst\u00e8me de gestion de la qualit\u00e9, qui comprend \u00e9galement notre syst\u00e8me de gestion de l&rsquo;environnement.<\/p>\n<p><img loading=\"lazy\" class=\"alignnone wp-image-7012 size-full\" src=\"https:\/\/www.aber.pt\/wp-content\/uploads\/2016\/11\/ISO9001IQNET_siteABER.jpg\" alt=\"QUALIDADE &amp; CERTIFICA\u00c7\u00c3O - ABERMOVE\" width=\"210\" height=\"95\" \/><\/p>\n<p>Les objectifs des processus sont li\u00e9s aux objectifs g\u00e9n\u00e9raux d&rsquo;ABER, afin d&rsquo;obtenir la satisfaction de ses clients.<\/p>\n<p>La politique adopt\u00e9e par ABER, Lda. refl\u00e8te les engagements du groupe envers ses parties prenantes, en plus de se concentrer sur le d\u00e9veloppement strat\u00e9gique et durable. L&rsquo;objectif ultime du groupe est d&rsquo;occuper une position de leader dans tous les secteurs et march\u00e9s o\u00f9 il op\u00e8re, en se d\u00e9marquant de ses concurrents et en d\u00e9veloppant des solutions capables de cr\u00e9er de la valeur pour les clients et les actionnaires.<\/p>\n<p>Nous pensons qu&rsquo;il est essentiel de mettre en \u0153uvre et de maintenir un syst\u00e8me int\u00e9gr\u00e9 de gestion de la qualit\u00e9 afin de d\u00e9finir des m\u00e9thodologies concr\u00e8tes, applicables dans toute l&rsquo;entreprise, qui se traduiront par une plus grande autonomie et favoriseront la communication entre les employ\u00e9s.<\/p>\n<p>Nous sommes \u00e9galement convaincus que nos efforts continus pour am\u00e9liorer les processus et les syst\u00e8mes de gestion se traduiront par une am\u00e9lioration globale des performances dans l&rsquo;ensemble de l&rsquo;entreprise et conduiront \u00e0 une croissance de l&rsquo;activit\u00e9.<\/p>\n<p>La politique est revue chaque fois que l&rsquo;on estime qu&rsquo;elle ne refl\u00e8te pas les normes et les lignes directrices du syst\u00e8me de gestion. Des cibles et des objectifs sont fix\u00e9s chaque ann\u00e9e conform\u00e9ment aux principes et aux politiques d\u00e9crits ci-dessus.[\/vc_column_text][\/vc_column][\/vc_row][vc_row css=\u00a0\u00bb.vc_custom_1480508529803{margin-top: -50px !important;}\u00a0\u00bb][vc_column][vc_custom_heading text=\u00a0\u00bbCERTIFICATION DES PRODUITS\u00a0\u00bb font_container=\u00a0\u00bbtag:h3|text_align:left\u00a0\u00bb use_theme_fonts=\u00a0\u00bbyes\u00a0\u00bb][vc_separator color=\u00a0\u00bbcustom\u00a0\u00bb align=\u00a0\u00bbalign_left\u00a0\u00bb el_width=\u00a0\u00bb10&Prime; accent_color=\u00a0\u00bb#ff0000&Prime;][vc_column_text]Tous nos produits sont test\u00e9s et certifi\u00e9s conform\u00e9ment \u00e0 la marque CE, de sorte qu&rsquo;ils sont conformes aux normes et standards europ\u00e9ens les plus stricts.<\/p>\n<p>Ces normes garantissent la conformit\u00e9 aux \u00e9missions \u00e9lectromagn\u00e9tiques rayonn\u00e9es et conduites, ainsi qu&rsquo;aux exigences en mati\u00e8re de s\u00e9curit\u00e9 de l&rsquo;alimentation \u00e9lectrique. Nous disposons de l&rsquo;\u00e9quipement d&rsquo;essai n\u00e9cessaire pour effectuer la plupart des certifications CE et \u00e9laborer notre propre rapport technique pour cette certification. Les tests que nous pouvons r\u00e9aliser en interne sont les suivants : EN 55011, EN5022, IEC1000-4 (-2, -4), EN 61010 EN60950.<\/p>\n<p><img loading=\"lazy\" class=\"alignnone wp-image-2426\" src=\"https:\/\/www.aber.pt\/wp-content\/uploads\/2016\/11\/Conformit\u00e9_Europ\u00e9enne_logo.svg-1-300x214.png\" alt=\"\" width=\"80\" height=\"57\" \/>[\/vc_column_text][\/vc_column][\/vc_row][vc_row css=\u00a0\u00bb.vc_custom_1480508529803{margin-top: -50px !important;}\u00a0\u00bb][vc_column][vc_custom_heading text=\u00a0\u00bbPOLITIQUE ENVIRONNEMENTALE\u00a0\u00bb font_container=\u00a0\u00bbtag:h3|text_align:left\u00a0\u00bb use_theme_fonts=\u00a0\u00bbyes\u00a0\u00bb][vc_separator color=\u00a0\u00bbcustom\u00a0\u00bb align=\u00a0\u00bbalign_left\u00a0\u00bb el_width=\u00a0\u00bb10&Prime; accent_color=\u00a0\u00bb#ff0000&Prime;][vc_column_text]Les aspects environnementaux sont un \u00e9l\u00e9ment cl\u00e9 de tous les processus d\u00e9cisionnels.<\/p>\n<p>CELA SIGNIFIE QUE NOUS<br \/>\n&#8211; Nous respectons ou d\u00e9passons les lois et r\u00e9glementations<br \/>\n&#8211; Nous nous effor\u00e7ons de r\u00e9duire la consommation d&rsquo;\u00e9nergie et d&rsquo;eau<br \/>\n&#8211; Nous pr\u00e9venons les accidents et les maladies sur notre lieu de travail<br \/>\n&#8211; Nous prenons en compte la dur\u00e9e de vie des produits dans notre processus de d\u00e9veloppement<\/p>\n<p>Tous les employ\u00e9s contribuent \u00e0 l&rsquo;entretien et \u00e0 la pr\u00e9servation de l&rsquo;environnement. Nous y veillons en prenant soin de l&rsquo;environnement au quotidien, par exemple en \u00e9conomisant l&rsquo;\u00e9nergie et en triant les d\u00e9chets.[\/vc_column_text][\/vc_column][\/vc_row]<\/p>","protected":false},"excerpt":{"rendered":"<p>[vc_row css=\u00a0\u00bb.vc_custom_1513283429870{margin-top: -50px !important;}\u00a0\u00bb][vc_column][vc_custom_heading text=\u00a0\u00bbPOLITIQUE DE QUALIT\u00c9\u00a0\u00bb font_container=\u00a0\u00bbtag:h3|text_align:left\u00a0\u00bb use_theme_fonts=\u00a0\u00bbyes\u00a0\u00bb][vc_separator color=\u00a0\u00bbcustom\u00a0\u00bb align=\u00a0\u00bbalign_left\u00a0\u00bb el_width=\u00a0\u00bb10&Prime; accent_color=\u00a0\u00bb#ff0000&Prime;][vc_row_inner][vc_column_inner][vc_column_text]Nous travaillons en permanence \u00e0 la certification de nos produits, de nos proc\u00e9dures et de notre personnel dans&#8230;<\/p>\n","protected":false},"author":1,"featured_media":0,"parent":2088,"menu_order":0,"comment_status":"closed","ping_status":"closed","template":"","meta":{"_monsterinsights_skip_tracking":false,"_monsterinsights_sitenote_active":false,"_monsterinsights_sitenote_note":"","_monsterinsights_sitenote_category":0},"yoast_head":"<!-- This site is optimized with the Yoast SEO plugin v19.2 - https:\/\/yoast.com\/wordpress\/plugins\/seo\/ -->\n<title>(Portugu\u00eas) Certification de la qualit\u00e9 - ABERMOVE - Pol\u00edtica de Qualidade<\/title>\n<meta name=\"description\" content=\"(Portugu\u00eas) Qualidade &amp; Certifica\u00e7\u00e3o - ABERMOVE - Sistemas de Eleva\u00e7\u00e3o e Movimenta\u00e7\u00e3o - rabalhamos continuamente para certificar os nossos produtos, procedimentos e...\" \/>\n<meta name=\"robots\" content=\"index, follow, max-snippet:-1, max-image-preview:large, max-video-preview:-1\" \/>\n<link rel=\"canonical\" href=\"https:\/\/abermove.com\/about-us\/quality-certification\/\" \/>\n<meta property=\"og:locale\" content=\"fr_FR\" \/>\n<meta property=\"og:type\" content=\"article\" \/>\n<meta property=\"og:title\" content=\"[:pt]Certification de la qualit\u00e9 - ABERMOVE - Pol\u00edtica de Qualidade[:]\" \/>\n<meta property=\"og:description\" content=\"{:pt}Qualidade &amp; Certifica\u00e7\u00e3o - ABERMOVE - Sistemas de Eleva\u00e7\u00e3o e Movimenta\u00e7\u00e3o - rabalhamos continuamente para certificar os nossos produtos, procedimentos e...{:}\" \/>\n<meta property=\"og:url\" content=\"https:\/\/abermove.com\/about-us\/quality-certification\/\" \/>\n<meta property=\"og:site_name\" content=\"ABERMOVE\" \/>\n<meta property=\"article:modified_time\" content=\"2023-03-26T14:56:09+00:00\" \/>\n<meta property=\"og:image\" content=\"https:\/\/www.aber.pt\/wp-content\/uploads\/2016\/11\/ISO9001IQNET_siteABER.jpg\" \/>\n<meta name=\"author\" content=\"ABERMOVE\" \/>\n<meta name=\"twitter:card\" content=\"summary_large_image\" \/>\n<meta name=\"twitter:label1\" content=\"Dur\u00e9e de lecture estim\u00e9e\" \/>\n\t<meta name=\"twitter:data1\" content=\"3 minutes\" \/>\n<script type=\"application\/ld+json\" class=\"yoast-schema-graph\">{\"@context\":\"https:\/\/schema.org\",\"@graph\":[{\"@type\":\"WebSite\",\"@id\":\"https:\/\/abermove.com\/#website\",\"url\":\"https:\/\/abermove.com\/\",\"name\":\"ABERMOVE\",\"description\":\"- eleva\u00e7\u00e3o e movimenta\u00e7\u00e3o\",\"potentialAction\":[{\"@type\":\"SearchAction\",\"target\":{\"@type\":\"EntryPoint\",\"urlTemplate\":\"https:\/\/abermove.com\/?s={search_term_string}\"},\"query-input\":\"required name=search_term_string\"}],\"inLanguage\":\"fr-FR\"},{\"@type\":\"ImageObject\",\"inLanguage\":\"fr-FR\",\"@id\":\"https:\/\/abermove.com\/about-us\/quality-certification\/#primaryimage\",\"url\":\"https:\/\/www.aber.pt\/wp-content\/uploads\/2016\/11\/ISO9001IQNET_siteABER.jpg\",\"contentUrl\":\"https:\/\/www.aber.pt\/wp-content\/uploads\/2016\/11\/ISO9001IQNET_siteABER.jpg\"},{\"@type\":\"WebPage\",\"@id\":\"https:\/\/abermove.com\/about-us\/quality-certification\/#webpage\",\"url\":\"https:\/\/abermove.com\/about-us\/quality-certification\/\",\"name\":\"[:pt]Certification de la qualit\u00e9 - ABERMOVE - Pol\u00edtica de Qualidade[:]\",\"isPartOf\":{\"@id\":\"https:\/\/abermove.com\/#website\"},\"primaryImageOfPage\":{\"@id\":\"https:\/\/abermove.com\/about-us\/quality-certification\/#primaryimage\"},\"datePublished\":\"2017-09-19T10:24:16+00:00\",\"dateModified\":\"2023-03-26T14:56:09+00:00\",\"description\":\"{:pt}Qualidade & Certifica\u00e7\u00e3o - ABERMOVE - Sistemas de Eleva\u00e7\u00e3o e Movimenta\u00e7\u00e3o - rabalhamos continuamente para certificar os nossos produtos, procedimentos e...{:}\",\"breadcrumb\":{\"@id\":\"https:\/\/abermove.com\/about-us\/quality-certification\/#breadcrumb\"},\"inLanguage\":\"fr-FR\",\"potentialAction\":[{\"@type\":\"ReadAction\",\"target\":[\"https:\/\/abermove.com\/about-us\/quality-certification\/\"]}]},{\"@type\":\"BreadcrumbList\",\"@id\":\"https:\/\/abermove.com\/about-us\/quality-certification\/#breadcrumb\",\"itemListElement\":[{\"@type\":\"ListItem\",\"position\":1,\"name\":\"Home\",\"item\":\"https:\/\/abermove.com\/\"},{\"@type\":\"ListItem\",\"position\":2,\"name\":\"Sobre N\u00f3s\",\"item\":\"https:\/\/abermove.com\/about-us\/\"},{\"@type\":\"ListItem\",\"position\":3,\"name\":\"QUALITY &#038; CERTIFICATION\"}]}]}<\/script>\n<!-- \/ Yoast SEO plugin. -->","yoast_head_json":{"title":"(Portugu\u00eas) Certification de la qualit\u00e9 - ABERMOVE - Pol\u00edtica de Qualidade","description":"(Portugu\u00eas) Qualidade & Certifica\u00e7\u00e3o - ABERMOVE - Sistemas de Eleva\u00e7\u00e3o e Movimenta\u00e7\u00e3o - rabalhamos continuamente para certificar os nossos produtos, procedimentos e...","robots":{"index":"index","follow":"follow","max-snippet":"max-snippet:-1","max-image-preview":"max-image-preview:large","max-video-preview":"max-video-preview:-1"},"canonical":"https:\/\/abermove.com\/about-us\/quality-certification\/","og_locale":"fr_FR","og_type":"article","og_title":"[:pt]Certification de la qualit\u00e9 - ABERMOVE - Pol\u00edtica de Qualidade[:]","og_description":"{:pt}Qualidade & Certifica\u00e7\u00e3o - ABERMOVE - Sistemas de Eleva\u00e7\u00e3o e Movimenta\u00e7\u00e3o - rabalhamos continuamente para certificar os nossos produtos, procedimentos e...{:}","og_url":"https:\/\/abermove.com\/about-us\/quality-certification\/","og_site_name":"ABERMOVE","article_modified_time":"2023-03-26T14:56:09+00:00","og_image":[{"url":"https:\/\/www.aber.pt\/wp-content\/uploads\/2016\/11\/ISO9001IQNET_siteABER.jpg"}],"author":"ABERMOVE","twitter_card":"summary_large_image","twitter_misc":{"Dur\u00e9e de lecture estim\u00e9e":"3 minutes"},"schema":{"@context":"https:\/\/schema.org","@graph":[{"@type":"WebSite","@id":"https:\/\/abermove.com\/#website","url":"https:\/\/abermove.com\/","name":"ABERMOVE","description":"- eleva\u00e7\u00e3o e movimenta\u00e7\u00e3o","potentialAction":[{"@type":"SearchAction","target":{"@type":"EntryPoint","urlTemplate":"https:\/\/abermove.com\/?s={search_term_string}"},"query-input":"required name=search_term_string"}],"inLanguage":"fr-FR"},{"@type":"ImageObject","inLanguage":"fr-FR","@id":"https:\/\/abermove.com\/about-us\/quality-certification\/#primaryimage","url":"https:\/\/www.aber.pt\/wp-content\/uploads\/2016\/11\/ISO9001IQNET_siteABER.jpg","contentUrl":"https:\/\/www.aber.pt\/wp-content\/uploads\/2016\/11\/ISO9001IQNET_siteABER.jpg"},{"@type":"WebPage","@id":"https:\/\/abermove.com\/about-us\/quality-certification\/#webpage","url":"https:\/\/abermove.com\/about-us\/quality-certification\/","name":"[:pt]Certification de la qualit\u00e9 - ABERMOVE - Pol\u00edtica de Qualidade[:]","isPartOf":{"@id":"https:\/\/abermove.com\/#website"},"primaryImageOfPage":{"@id":"https:\/\/abermove.com\/about-us\/quality-certification\/#primaryimage"},"datePublished":"2017-09-19T10:24:16+00:00","dateModified":"2023-03-26T14:56:09+00:00","description":"{:pt}Qualidade & Certifica\u00e7\u00e3o - ABERMOVE - Sistemas de Eleva\u00e7\u00e3o e Movimenta\u00e7\u00e3o - rabalhamos continuamente para certificar os nossos produtos, procedimentos e...{:}","breadcrumb":{"@id":"https:\/\/abermove.com\/about-us\/quality-certification\/#breadcrumb"},"inLanguage":"fr-FR","potentialAction":[{"@type":"ReadAction","target":["https:\/\/abermove.com\/about-us\/quality-certification\/"]}]},{"@type":"BreadcrumbList","@id":"https:\/\/abermove.com\/about-us\/quality-certification\/#breadcrumb","itemListElement":[{"@type":"ListItem","position":1,"name":"Home","item":"https:\/\/abermove.com\/"},{"@type":"ListItem","position":2,"name":"Sobre N\u00f3s","item":"https:\/\/abermove.com\/about-us\/"},{"@type":"ListItem","position":3,"name":"QUALITY &#038; CERTIFICATION"}]}]}},"_links":{"self":[{"href":"https:\/\/abermove.com\/fr\/wp-json\/wp\/v2\/pages\/2209"}],"collection":[{"href":"https:\/\/abermove.com\/fr\/wp-json\/wp\/v2\/pages"}],"about":[{"href":"https:\/\/abermove.com\/fr\/wp-json\/wp\/v2\/types\/page"}],"author":[{"embeddable":true,"href":"https:\/\/abermove.com\/fr\/wp-json\/wp\/v2\/users\/1"}],"replies":[{"embeddable":true,"href":"https:\/\/abermove.com\/fr\/wp-json\/wp\/v2\/comments?post=2209"}],"version-history":[{"count":22,"href":"https:\/\/abermove.com\/fr\/wp-json\/wp\/v2\/pages\/2209\/revisions"}],"predecessor-version":[{"id":3072,"href":"https:\/\/abermove.com\/fr\/wp-json\/wp\/v2\/pages\/2209\/revisions\/3072"}],"up":[{"embeddable":true,"href":"https:\/\/abermove.com\/fr\/wp-json\/wp\/v2\/pages\/2088"}],"wp:attachment":[{"href":"https:\/\/abermove.com\/fr\/wp-json\/wp\/v2\/media?parent=2209"}],"curies":[{"name":"wp","href":"https:\/\/api.w.org\/{rel}","templated":true}]}}